{"id":155,"date":"2015-08-03T15:23:24","date_gmt":"2015-08-03T13:23:24","guid":{"rendered":"http:\/\/neumai02.bn-paf.de\/esperanto\/?page_id=155"},"modified":"2016-02-14T10:15:11","modified_gmt":"2016-02-14T09:15:11","slug":"prapatro","status":"publish","type":"page","link":"https:\/\/espera01.bn-paf.de\/?page_id=155","title":{"rendered":"prapatro"},"content":{"rendered":"<p><a href=\"https:\/\/espera01.bn-paf.de\/?page_id=538\">Wie der Stammvater der Bayern entstand (deutsche Version)<\/a><\/p>\n<p><strong>Kiel fari\u011dis la prapatro de la Bavaroj<\/strong><br \/>\nA\u016dtoro:\u00a0\u00a0\u00a0\u00a0\u00a0\u00a0\u00a0\u00a0\u00a0\u00a0\u00a0\u00a0\u00a0\u00a0\u00a0\u00a0\u00a0\u00a0\u00a0\u00a0\u00a0\u00a0\u00a0 \u00a0 \u00a0 \u00a0 \u00a0\u00a0 nekonata al la tradukinto<br \/>\nTraduko el la germana<em>:\u00a0 Josef Lechermeier, Ingolstadt<\/em><\/p>\n<div id=\"attachment_158\" style=\"width: 235px\" class=\"wp-caption alignright\"><a href=\"https:\/\/espera01.bn-paf.de\/wp-content\/uploads\/2015\/08\/jub201202.jpg\"><img aria-describedby=\"caption-attachment-158\" loading=\"lazy\" class=\"wp-image-158 size-medium\" src=\"https:\/\/espera01.bn-paf.de\/wp-content\/uploads\/2015\/08\/jub201202-225x300.jpg\" alt=\"jub201202\" width=\"225\" height=\"300\" srcset=\"https:\/\/www.esperantopfaffenhofen.de\/wp-content\/uploads\/2015\/08\/jub201202-225x300.jpg 225w, https:\/\/www.esperantopfaffenhofen.de\/wp-content\/uploads\/2015\/08\/jub201202.jpg 354w\" sizes=\"(max-width: 225px) 100vw, 225px\" \/><\/a><p id=\"caption-attachment-158\" class=\"wp-caption-text\">Josef Lechermeier kaj asistanto Bobeo<\/p><\/div>\n<p>Iun diman\u0109on la Kara Dio promenis tra la arbaro.<br \/>\nJen li vidis arbohakiston, kiu \u0135us estis skulpte prilaboranta pecon de ligno. \u2013 Al li diris la Kara Dio:\u201eKion vi faras \u0109i-tie?\u201c<br \/>\n\u201eMi \u015datus skulpti homon.\u201c<br \/>\n\u201eJa, nu, \u0109u vi kredas, ke tiu homo povus vivi?\u201c<br \/>\n\u201eNee, tio memkompreneble ne eblas. Alikaze oni ja devus enblovi al li la Dian spiron!\u201c<br \/>\nKaj \u0109ar la Kara Dio \u0135us estis en plej bona diman\u0109a humoro, li klinis sin malsupren al la lignobloko kaj enblovis al \u011di la Dian Spiron.<br \/>\nTuj la lignobloko eksaltis kaj forkuris.<br \/>\n\u201eHaltu, haltu! Tiu ja estas ankora\u016d tute nerabotita kaj ne\u015dlifita!\u201c<\/p>\n<p>\u201eTio ne gravas, lasu lin kuri! \u2013 Tio esti\u011du la prapatro de la Bavaroj!\u201c<\/p>\n","protected":false},"excerpt":{"rendered":"<p>Wie der Stammvater der Bayern entstand (deutsche Version) Kiel fari\u011dis la prapatro de la Bavaroj A\u016dtoro:\u00a0\u00a0\u00a0\u00a0\u00a0\u00a0\u00a0\u00a0\u00a0\u00a0\u00a0\u00a0\u00a0\u00a0\u00a0\u00a0\u00a0\u00a0\u00a0\u00a0\u00a0\u00a0\u00a0 \u00a0 \u00a0 \u00a0 \u00a0\u00a0 nekonata al la tradukinto Traduko el la germana:\u00a0 Josef Lechermeier, Ingolstadt Iun diman\u0109on la Kara Dio promenis tra la arbaro. &hellip; <a href=\"https:\/\/espera01.bn-paf.de\/?page_id=155\">Weiterlesen <span class=\"meta-nav\">&rarr;<\/span><\/a><\/p>\n","protected":false},"author":1,"featured_media":0,"parent":0,"menu_order":0,"comment_status":"closed","ping_status":"open","template":"","meta":[],"_links":{"self":[{"href":"https:\/\/espera01.bn-paf.de\/index.php?rest_route=\/wp\/v2\/pages\/155"}],"collection":[{"href":"https:\/\/espera01.bn-paf.de\/index.php?rest_route=\/wp\/v2\/pages"}],"about":[{"href":"https:\/\/espera01.bn-paf.de\/index.php?rest_route=\/wp\/v2\/types\/page"}],"author":[{"embeddable":true,"href":"https:\/\/espera01.bn-paf.de\/index.php?rest_route=\/wp\/v2\/users\/1"}],"replies":[{"embeddable":true,"href":"https:\/\/espera01.bn-paf.de\/index.php?rest_route=%2Fwp%2Fv2%2Fcomments&post=155"}],"version-history":[{"count":7,"href":"https:\/\/espera01.bn-paf.de\/index.php?rest_route=\/wp\/v2\/pages\/155\/revisions"}],"predecessor-version":[{"id":547,"href":"https:\/\/espera01.bn-paf.de\/index.php?rest_route=\/wp\/v2\/pages\/155\/revisions\/547"}],"wp:attachment":[{"href":"https:\/\/espera01.bn-paf.de\/index.php?rest_route=%2Fwp%2Fv2%2Fmedia&parent=155"}],"curies":[{"name":"wp","href":"https:\/\/api.w.org\/{rel}","templated":true}]}}